{"id":12,"date":"2023-02-14T09:19:00","date_gmt":"2023-02-14T09:19:00","guid":{"rendered":"https:\/\/www.cargus.ro\/sk\/?page_id=12"},"modified":"2023-10-05T09:31:10","modified_gmt":"2023-10-05T09:31:10","slug":"blog","status":"publish","type":"page","link":"https:\/\/www.cargus.ro\/sk\/blog\/","title":{"rendered":"Blog"},"content":{"rendered":"<p>[vc_section css=&#8220;.vc_custom_1680185609089{margin-top: 0px !important;padding-top: 0px !important;}&#8220;][vc_row css=&#8220;.vc_custom_1680185534555{margin-top: 0px !important;margin-right: 0px !important;margin-bottom: 0px !important;margin-left: 0px !important;padding-top: 0px !important;padding-right: 0px !important;padding-bottom: 0px !important;padding-left: 0px !important;}&#8220;][vc_column][vc_raw_html]JTNDZGl2JTIwY2xhc3MlM0QlMjJ0aXRsZSUyMiUzRUJsb2clM0MlMkZkaXYlM0UlMEElM0NociUyMGNsYXNzJTNEJTIybGluZSUyMiUzRQ==[\/vc_raw_html][\/vc_column][\/vc_row][vc_row][vc_column]<style type=\"text\/css\">#ut_blog_grid_69f33dd3e115c .ut-blog-grid-article { margin-top: 10px; }<\/style><div id=\"ut_blog_grid_69f33dd3e115c\" class=\"ut-blog-grid-module blog\"><div class=\"ut-blog-grid  clearfix ut-blog-grid-date-default\">\n<article id=\"post-1076\" class=\"grid-33 tablet-grid-50 mobile-grid-100 ut-blog-grid-article clearfix post-1076 post type-post status-publish format-standard has-post-thumbnail hentry category-blog\">\n    \n    <div class=\"ut-blog-grid-article-inner\">\n    \t\n\t\t\t\t\n\t\t\t<div class=\"entry-meta entry-meta-top  clearfix\">\n\n\t\t\t\t\t\t\t\t<span class=\"ut-sticky\"><i class=\"fa fa-thumb-tack\"><\/i><\/span>\n\t\t\t\t<span class=\"cat-links\"><i class=\"fa fa-folder-open-o\"><\/i><a href=\"https:\/\/www.cargus.ro\/sk\/category\/blog\/\" data-rel=\"category tag\">Blog<\/a><\/span>\n\n\t\t\t\t\n\t\t\t<\/div>\n\t\t\t<!-- close entry-meta -->    \n\n\t\t\t\t\n                        \n\n        <!-- ut-post-thumbnail -->\n        <div class=\"ut-post-thumbnail\">     \n\n            <div class=\"entry-thumbnail\">\n\n                \n                <a title=\"Permanent Link to Cargus sp\u00fa\u0161\u0165a Cargus Smart Hub, inovat\u00edvne logistick\u00e9 rie\u0161enie, ktor\u00e9 ur\u00fdch\u013euje rast podnikov z e-commerce\" href=\"https:\/\/www.cargus.ro\/sk\/cargus-spusta-cargus-smart-hub-inovativne-logisticke-riesenie-ktore-urychluje-rast-podnikov-z-e-commerce\/\">                \n                    \n                    <figure class=\"ut-post-thumbnail-caption-wrap\">\n\n                        \r\n        <img loading=\"lazy\" decoding=\"async\" data-adaptive-images=\"{&quot;300&quot;:&quot;https:\\\/\\\/www.cargus.ro\\\/sk\\\/wp-content\\\/uploads\\\/sites\\\/11\\\/2024\\\/02\\\/cargus-smart-hub-blog-1.jpg&quot;,&quot;500&quot;:&quot;https:\\\/\\\/www.cargus.ro\\\/sk\\\/wp-content\\\/uploads\\\/sites\\\/11\\\/2024\\\/02\\\/cargus-smart-hub-blog-1.jpg&quot;,&quot;750&quot;:&quot;https:\\\/\\\/www.cargus.ro\\\/sk\\\/wp-content\\\/uploads\\\/sites\\\/11\\\/2024\\\/02\\\/cargus-smart-hub-blog-1.jpg&quot;,&quot;1000&quot;:&quot;https:\\\/\\\/www.cargus.ro\\\/sk\\\/wp-content\\\/uploads\\\/sites\\\/11\\\/2024\\\/02\\\/cargus-smart-hub-blog-1.jpg&quot;,&quot;1500&quot;:&quot;https:\\\/\\\/www.cargus.ro\\\/sk\\\/wp-content\\\/uploads\\\/sites\\\/11\\\/2024\\\/02\\\/cargus-smart-hub-blog-1.jpg&quot;,&quot;2500&quot;:&quot;https:\\\/\\\/www.cargus.ro\\\/sk\\\/wp-content\\\/uploads\\\/sites\\\/11\\\/2024\\\/02\\\/cargus-smart-hub-blog-1.jpg&quot;}\" alt=\"Cargus sp\u00fa\u0161\u0165a Cargus Smart Hub, inovat\u00edvne logistick\u00e9 rie\u0161enie, ktor\u00e9 ur\u00fdch\u013euje rast podnikov z e-commerce\" src=\"data:image\/svg+xml;charset=utf-8,%3Csvg xmlns%3D'http%3A%2F%2Fwww.w3.org%2F2000%2Fsvg' viewBox%3D'0 0 1000 667'%2F%3E\" width=\"1000\" height=\"667\" data-src=\"https:\/\/www.cargus.ro\/sk\/wp-content\/uploads\/sites\/11\/2024\/02\/cargus-smart-hub-blog-1.jpg\" data-image-id=\"1077\" class=\"ut-adaptive-image wp-post-image skip-lazy \">\r\n\r\n        \n                        \n                    <\/figure>\n                    \n                <\/a>  \n                \n                <a href=\"https:\/\/www.cargus.ro\/sk\/2024\/02\/\">\n                \n                    <div class=\"date-format\">\n                        <span class=\"day\">23<\/span>\n                        <span class=\"month\">feb 2024<\/span>\n                    <\/div>\n                \n                <\/a>\n\n            <\/div>                                                                                                                         \n\n        <\/div><!-- close ut-post-thumbnail -->\n\n                \n                \n        <a class=\"ut-blog-link\" title=\"Cargus sp\u00fa\u0161\u0165a Cargus Smart Hub, inovat\u00edvne logistick\u00e9 rie\u0161enie, ktor\u00e9 ur\u00fdch\u013euje rast podnikov z e-commerce\" href=\"https:\/\/www.cargus.ro\/sk\/cargus-spusta-cargus-smart-hub-inovativne-logisticke-riesenie-ktore-urychluje-rast-podnikov-z-e-commerce\/\" rel=\"bookmark\">     \n              \n            <div class=\"ut-blog-grid-content-wrap\"> \n\n                \n                    <header class=\"entry-header\">\n\n                        <h2 data-responsive-font=\"grid_blog_title\" class=\"entry-title\">Cargus sp\u00fa\u0161\u0165a Cargus Smart Hub, inovat\u00edvne logistick\u00e9 rie\u0161enie, ktor\u00e9 ur\u00fdch\u013euje rast podnikov z e-commerce<\/h2>\n\n                    <\/header>\n                    <!-- close entry-header -->\n\n                 \n\n                <!-- entry-content -->\n                <div class=\"entry-content clearfix\">\n\n                    <p>Cargus oznamuje spustenie Cargus Smart Hub, komplexn\u00e9ho a inovat\u00edvneho logistick\u00e9ho rie\u0161enia vytvoren\u00e9ho na podporu podnikov z\u00a0e-commerce s cie\u013eom ur\u00fdchli\u0165 ich&hellip;<\/p>\n\n                <\/div>\n                <!-- entry-content -->\n\n            <\/div>\n        \n        <\/a>\n        \n\t\t\t\t\n\t\t\t<div class=\"entry-meta clearfix\">\n\n                <span class=\"author-links\"><i class=\"fa fa-user-o\"><\/i><a href=\"https:\/\/www.cargus.ro\/sk\/author\/cargus-editor\/\" title=\"Autor \u010dl\u00e1nku Editor Cargus\" rel=\"author\">Editor Cargus<\/a><\/span>\n\n\t\t\t\t       \n\n\t\t\t<\/div>\n\t\t\n\t\t                        \n    <\/div>\n    \n<\/article>\n<!-- #post-1076 -->\n<article id=\"post-994\" class=\"grid-33 tablet-grid-50 mobile-grid-100 ut-blog-grid-article clearfix post-994 post type-post status-publish format-standard has-post-thumbnail hentry category-blog\">\n    \n    <div class=\"ut-blog-grid-article-inner\">\n    \t\n\t\t\t\t\n\t\t\t<div class=\"entry-meta entry-meta-top  clearfix\">\n\n\t\t\t\t\t\t\t\t<span class=\"ut-sticky\"><i class=\"fa fa-thumb-tack\"><\/i><\/span>\n\t\t\t\t<span class=\"cat-links\"><i class=\"fa fa-folder-open-o\"><\/i><a href=\"https:\/\/www.cargus.ro\/sk\/category\/blog\/\" data-rel=\"category tag\">Blog<\/a><\/span>\n\n\t\t\t\t\n\t\t\t<\/div>\n\t\t\t<!-- close entry-meta -->    \n\n\t\t\t\t\n                        \n\n        <!-- ut-post-thumbnail -->\n        <div class=\"ut-post-thumbnail\">     \n\n            <div class=\"entry-thumbnail\">\n\n                \n                <a title=\"Permanent Link to CIELE NA ROK 2023: PREV\u00c1DZKOV\u00c1 DOKONALOS\u0164, INVESTOVANIE DO INOV\u00c1CI\u00cd\" href=\"https:\/\/www.cargus.ro\/sk\/ciele-na-rok-2023-prevadzkova-dokonalost-investovanie-do-inovacii\/\">                \n                    \n                    <figure class=\"ut-post-thumbnail-caption-wrap\">\n\n                        \r\n        <img loading=\"lazy\" decoding=\"async\" data-adaptive-images=\"{&quot;300&quot;:&quot;https:\\\/\\\/www.cargus.ro\\\/sk\\\/wp-content\\\/uploads\\\/sites\\\/11\\\/2023\\\/10\\\/cargus-excelenta-operationala.jpg&quot;,&quot;500&quot;:&quot;https:\\\/\\\/www.cargus.ro\\\/sk\\\/wp-content\\\/uploads\\\/sites\\\/11\\\/2023\\\/10\\\/cargus-excelenta-operationala.jpg&quot;,&quot;750&quot;:&quot;https:\\\/\\\/www.cargus.ro\\\/sk\\\/wp-content\\\/uploads\\\/sites\\\/11\\\/2023\\\/10\\\/cargus-excelenta-operationala.jpg&quot;,&quot;1000&quot;:&quot;https:\\\/\\\/www.cargus.ro\\\/sk\\\/wp-content\\\/uploads\\\/sites\\\/11\\\/2023\\\/10\\\/cargus-excelenta-operationala.jpg&quot;,&quot;1500&quot;:&quot;https:\\\/\\\/www.cargus.ro\\\/sk\\\/wp-content\\\/uploads\\\/sites\\\/11\\\/2023\\\/10\\\/cargus-excelenta-operationala.jpg&quot;,&quot;2500&quot;:&quot;https:\\\/\\\/www.cargus.ro\\\/sk\\\/wp-content\\\/uploads\\\/sites\\\/11\\\/2023\\\/10\\\/cargus-excelenta-operationala.jpg&quot;}\" src=\"data:image\/svg+xml;charset=utf-8,%3Csvg xmlns%3D'http%3A%2F%2Fwww.w3.org%2F2000%2Fsvg' viewBox%3D'0 0 1000 667'%2F%3E\" width=\"1000\" height=\"667\" data-src=\"https:\/\/www.cargus.ro\/sk\/wp-content\/uploads\/sites\/11\/2023\/10\/cargus-excelenta-operationala.jpg\" data-image-id=\"986\" class=\"ut-adaptive-image wp-post-image skip-lazy \">\r\n\r\n        \n                        \n                    <\/figure>\n                    \n                <\/a>  \n                \n                <a href=\"https:\/\/www.cargus.ro\/sk\/2023\/09\/\">\n                \n                    <div class=\"date-format\">\n                        <span class=\"day\">18<\/span>\n                        <span class=\"month\">sep 2023<\/span>\n                    <\/div>\n                \n                <\/a>\n\n            <\/div>                                                                                                                         \n\n        <\/div><!-- close ut-post-thumbnail -->\n\n                \n                \n        <a class=\"ut-blog-link\" title=\"CIELE NA ROK 2023: PREV\u00c1DZKOV\u00c1 DOKONALOS\u0164, INVESTOVANIE DO INOV\u00c1CI\u00cd\" href=\"https:\/\/www.cargus.ro\/sk\/ciele-na-rok-2023-prevadzkova-dokonalost-investovanie-do-inovacii\/\" rel=\"bookmark\">     \n              \n            <div class=\"ut-blog-grid-content-wrap\"> \n\n                \n                    <header class=\"entry-header\">\n\n                        <h2 data-responsive-font=\"grid_blog_title\" class=\"entry-title\">CIELE NA ROK 2023: PREV\u00c1DZKOV\u00c1 DOKONALOS\u0164, INVESTOVANIE DO INOV\u00c1CI\u00cd<\/h2>\n\n                    <\/header>\n                    <!-- close entry-header -->\n\n                 \n\n                <!-- entry-content -->\n                <div class=\"entry-content clearfix\">\n\n                    <p>TECHNOL\u00d3GIA A MEDZIN\u00c1RODN\u00c1 EXPANZIA Ako vyzer\u00e1 kuri\u00e9rsky trh a ak\u00e9 s\u00fa jeho hlavn\u00e9 v\u00fdzvy? Na tieto ot\u00e1zky odpoved\u00e1 Nelu Gheorghita,&hellip;<\/p>\n\n                <\/div>\n                <!-- entry-content -->\n\n            <\/div>\n        \n        <\/a>\n        \n\t\t\t\t\n\t\t\t<div class=\"entry-meta clearfix\">\n\n                <span class=\"author-links\"><i class=\"fa fa-user-o\"><\/i><a href=\"https:\/\/www.cargus.ro\/sk\/author\/cargus-editor\/\" title=\"Autor \u010dl\u00e1nku Editor Cargus\" rel=\"author\">Editor Cargus<\/a><\/span>\n\n\t\t\t\t       \n\n\t\t\t<\/div>\n\t\t\n\t\t                        \n    <\/div>\n    \n<\/article>\n<!-- #post-994 -->\n<article id=\"post-990\" class=\"grid-33 tablet-grid-50 mobile-grid-100 ut-blog-grid-article clearfix post-990 post type-post status-publish format-standard has-post-thumbnail hentry category-blog\">\n    \n    <div class=\"ut-blog-grid-article-inner\">\n    \t\n\t\t\t\t\n\t\t\t<div class=\"entry-meta entry-meta-top  clearfix\">\n\n\t\t\t\t\t\t\t\t<span class=\"ut-sticky\"><i class=\"fa fa-thumb-tack\"><\/i><\/span>\n\t\t\t\t<span class=\"cat-links\"><i class=\"fa fa-folder-open-o\"><\/i><a href=\"https:\/\/www.cargus.ro\/sk\/category\/blog\/\" data-rel=\"category tag\">Blog<\/a><\/span>\n\n\t\t\t\t\n\t\t\t<\/div>\n\t\t\t<!-- close entry-meta -->    \n\n\t\t\t\t\n                        \n\n        <!-- ut-post-thumbnail -->\n        <div class=\"ut-post-thumbnail\">     \n\n            <div class=\"entry-thumbnail\">\n\n                \n                <a title=\"Permanent Link to Cargus zvy\u0161uje svoju prev\u00e1dzku a v prv\u00fdch \u0161iestich mesiacoch roku 2023 zaznamen\u00e1va dvojcifern\u00fd rast tr\u017eieb\" href=\"https:\/\/www.cargus.ro\/sk\/cargus-zvysuje-svoju-prevadzku-a-v-prvych-siestich-mesiacoch-roku-2023-zaznamenava-dvojciferny-rast-trzieb\/\">                \n                    \n                    <figure class=\"ut-post-thumbnail-caption-wrap\">\n\n                        \r\n        <img loading=\"lazy\" decoding=\"async\" data-adaptive-images=\"{&quot;300&quot;:&quot;https:\\\/\\\/www.cargus.ro\\\/sk\\\/wp-content\\\/uploads\\\/sites\\\/11\\\/2023\\\/10\\\/rezultate-cargus2023.jpg&quot;,&quot;500&quot;:&quot;https:\\\/\\\/www.cargus.ro\\\/sk\\\/wp-content\\\/uploads\\\/sites\\\/11\\\/2023\\\/10\\\/rezultate-cargus2023.jpg&quot;,&quot;750&quot;:&quot;https:\\\/\\\/www.cargus.ro\\\/sk\\\/wp-content\\\/uploads\\\/sites\\\/11\\\/2023\\\/10\\\/rezultate-cargus2023.jpg&quot;,&quot;1000&quot;:&quot;https:\\\/\\\/www.cargus.ro\\\/sk\\\/wp-content\\\/uploads\\\/sites\\\/11\\\/2023\\\/10\\\/rezultate-cargus2023.jpg&quot;,&quot;1500&quot;:&quot;https:\\\/\\\/www.cargus.ro\\\/sk\\\/wp-content\\\/uploads\\\/sites\\\/11\\\/2023\\\/10\\\/rezultate-cargus2023.jpg&quot;,&quot;2500&quot;:&quot;https:\\\/\\\/www.cargus.ro\\\/sk\\\/wp-content\\\/uploads\\\/sites\\\/11\\\/2023\\\/10\\\/rezultate-cargus2023.jpg&quot;}\" src=\"data:image\/svg+xml;charset=utf-8,%3Csvg xmlns%3D'http%3A%2F%2Fwww.w3.org%2F2000%2Fsvg' viewBox%3D'0 0 1000 667'%2F%3E\" width=\"1000\" height=\"667\" data-src=\"https:\/\/www.cargus.ro\/sk\/wp-content\/uploads\/sites\/11\/2023\/10\/rezultate-cargus2023.jpg\" data-image-id=\"987\" class=\"ut-adaptive-image wp-post-image skip-lazy \">\r\n\r\n        \n                        \n                    <\/figure>\n                    \n                <\/a>  \n                \n                <a href=\"https:\/\/www.cargus.ro\/sk\/2023\/09\/\">\n                \n                    <div class=\"date-format\">\n                        <span class=\"day\">11<\/span>\n                        <span class=\"month\">sep 2023<\/span>\n                    <\/div>\n                \n                <\/a>\n\n            <\/div>                                                                                                                         \n\n        <\/div><!-- close ut-post-thumbnail -->\n\n                \n                \n        <a class=\"ut-blog-link\" title=\"Cargus zvy\u0161uje svoju prev\u00e1dzku a v prv\u00fdch \u0161iestich mesiacoch roku 2023 zaznamen\u00e1va dvojcifern\u00fd rast tr\u017eieb\" href=\"https:\/\/www.cargus.ro\/sk\/cargus-zvysuje-svoju-prevadzku-a-v-prvych-siestich-mesiacoch-roku-2023-zaznamenava-dvojciferny-rast-trzieb\/\" rel=\"bookmark\">     \n              \n            <div class=\"ut-blog-grid-content-wrap\"> \n\n                \n                    <header class=\"entry-header\">\n\n                        <h2 data-responsive-font=\"grid_blog_title\" class=\"entry-title\">Cargus zvy\u0161uje svoju prev\u00e1dzku a v prv\u00fdch \u0161iestich mesiacoch roku 2023 zaznamen\u00e1va dvojcifern\u00fd rast tr\u017eieb<\/h2>\n\n                    <\/header>\n                    <!-- close entry-header -->\n\n                 \n\n                <!-- entry-content -->\n                <div class=\"entry-content clearfix\">\n\n                    <p>\u00a0 Cargus kon\u010d\u00ed prv\u00fd polrok s viac ako 10% rastom v\u00fdnosov v porovnan\u00ed s rovnak\u00fdm obdob\u00edm v roku 2022. Spolo\u010dnos\u0165&hellip;<\/p>\n\n                <\/div>\n                <!-- entry-content -->\n\n            <\/div>\n        \n        <\/a>\n        \n\t\t\t\t\n\t\t\t<div class=\"entry-meta clearfix\">\n\n                <span class=\"author-links\"><i class=\"fa fa-user-o\"><\/i><a href=\"https:\/\/www.cargus.ro\/sk\/author\/cargus-editor\/\" title=\"Autor \u010dl\u00e1nku Editor Cargus\" rel=\"author\">Editor Cargus<\/a><\/span>\n\n\t\t\t\t       \n\n\t\t\t<\/div>\n\t\t\n\t\t                        \n    <\/div>\n    \n<\/article>\n<!-- #post-990 -->\n<article id=\"post-964\" class=\"grid-33 tablet-grid-50 mobile-grid-100 ut-blog-grid-article clearfix post-964 post type-post status-publish format-standard has-post-thumbnail hentry category-blog\">\n    \n    <div class=\"ut-blog-grid-article-inner\">\n    \t\n\t\t\t\t\n\t\t\t<div class=\"entry-meta entry-meta-top  clearfix\">\n\n\t\t\t\t\t\t\t\t<span class=\"ut-sticky\"><i class=\"fa fa-thumb-tack\"><\/i><\/span>\n\t\t\t\t<span class=\"cat-links\"><i class=\"fa fa-folder-open-o\"><\/i><a href=\"https:\/\/www.cargus.ro\/sk\/category\/blog\/\" data-rel=\"category tag\">Blog<\/a><\/span>\n\n\t\t\t\t\n\t\t\t<\/div>\n\t\t\t<!-- close entry-meta -->    \n\n\t\t\t\t\n                        \n\n        <!-- ut-post-thumbnail -->\n        <div class=\"ut-post-thumbnail\">     \n\n            <div class=\"entry-thumbnail\">\n\n                \n                <a title=\"Permanent Link to CARGUS SP\u00da\u0160\u0164A V RUMUNSKU VLASTN\u00da SIE\u0164 LOCKER-OV A V NASLEDUJ\u00daCICH 2,5 ROKA INVESTUJE DO JEJ ROZ\u0160\u00cdRENIA 40 MILI\u00d3NOV EUR\" href=\"https:\/\/www.cargus.ro\/sk\/cargus-spusta-v-rumunsku-vlastnu-siet-locker-ov-a-v-nasledujucich-25-roka-investuje-do-jej-rozsirenia-40-milionov-eur\/\">                \n                    \n                    <figure class=\"ut-post-thumbnail-caption-wrap\">\n\n                        \r\n        <img loading=\"lazy\" decoding=\"async\" data-adaptive-images=\"{&quot;300&quot;:&quot;https:\\\/\\\/www.cargus.ro\\\/sk\\\/wp-content\\\/uploads\\\/sites\\\/11\\\/2023\\\/06\\\/cargus-piata-internationala.jpg&quot;,&quot;500&quot;:&quot;https:\\\/\\\/www.cargus.ro\\\/sk\\\/wp-content\\\/uploads\\\/sites\\\/11\\\/2023\\\/06\\\/cargus-piata-internationala.jpg&quot;,&quot;750&quot;:&quot;https:\\\/\\\/www.cargus.ro\\\/sk\\\/wp-content\\\/uploads\\\/sites\\\/11\\\/2023\\\/06\\\/cargus-piata-internationala.jpg&quot;,&quot;1000&quot;:&quot;https:\\\/\\\/www.cargus.ro\\\/sk\\\/wp-content\\\/uploads\\\/sites\\\/11\\\/2023\\\/06\\\/cargus-piata-internationala.jpg&quot;,&quot;1500&quot;:&quot;https:\\\/\\\/www.cargus.ro\\\/sk\\\/wp-content\\\/uploads\\\/sites\\\/11\\\/2023\\\/06\\\/cargus-piata-internationala.jpg&quot;,&quot;2500&quot;:&quot;https:\\\/\\\/www.cargus.ro\\\/sk\\\/wp-content\\\/uploads\\\/sites\\\/11\\\/2023\\\/06\\\/cargus-piata-internationala.jpg&quot;}\" src=\"data:image\/svg+xml;charset=utf-8,%3Csvg xmlns%3D'http%3A%2F%2Fwww.w3.org%2F2000%2Fsvg' viewBox%3D'0 0 1000 667'%2F%3E\" width=\"1000\" height=\"667\" data-src=\"https:\/\/www.cargus.ro\/sk\/wp-content\/uploads\/sites\/11\/2023\/06\/cargus-piata-internationala.jpg\" data-image-id=\"954\" class=\"ut-adaptive-image wp-post-image skip-lazy \">\r\n\r\n        \n                        \n                    <\/figure>\n                    \n                <\/a>  \n                \n                <a href=\"https:\/\/www.cargus.ro\/sk\/2023\/06\/\">\n                \n                    <div class=\"date-format\">\n                        <span class=\"day\">12<\/span>\n                        <span class=\"month\">j\u00fan 2023<\/span>\n                    <\/div>\n                \n                <\/a>\n\n            <\/div>                                                                                                                         \n\n        <\/div><!-- close ut-post-thumbnail -->\n\n                \n                \n        <a class=\"ut-blog-link\" title=\"CARGUS SP\u00da\u0160\u0164A V RUMUNSKU VLASTN\u00da SIE\u0164 LOCKER-OV A V NASLEDUJ\u00daCICH 2,5 ROKA INVESTUJE DO JEJ ROZ\u0160\u00cdRENIA 40 MILI\u00d3NOV EUR\" href=\"https:\/\/www.cargus.ro\/sk\/cargus-spusta-v-rumunsku-vlastnu-siet-locker-ov-a-v-nasledujucich-25-roka-investuje-do-jej-rozsirenia-40-milionov-eur\/\" rel=\"bookmark\">     \n              \n            <div class=\"ut-blog-grid-content-wrap\"> \n\n                \n                    <header class=\"entry-header\">\n\n                        <h2 data-responsive-font=\"grid_blog_title\" class=\"entry-title\">CARGUS SP\u00da\u0160\u0164A V RUMUNSKU VLASTN\u00da SIE\u0164 LOCKER-OV A V NASLEDUJ\u00daCICH 2,5 ROKA INVESTUJE DO JEJ ROZ\u0160\u00cdRENIA 40 MILI\u00d3NOV EUR<\/h2>\n\n                    <\/header>\n                    <!-- close entry-header -->\n\n                 \n\n                <!-- entry-content -->\n                <div class=\"entry-content clearfix\">\n\n                    <p>Cargus umiestni 300 locker-ov v Bukure\u0161ti ako prv\u00fd krok svojho pl\u00e1nu investova\u0165 do rie\u0161enia doru\u010dovania \u201eout of home\u201c (OOH \u2013&hellip;<\/p>\n\n                <\/div>\n                <!-- entry-content -->\n\n            <\/div>\n        \n        <\/a>\n        \n\t\t\t\t\n\t\t\t<div class=\"entry-meta clearfix\">\n\n                <span class=\"author-links\"><i class=\"fa fa-user-o\"><\/i><a href=\"https:\/\/www.cargus.ro\/sk\/author\/cargus-editor\/\" title=\"Autor \u010dl\u00e1nku Editor Cargus\" rel=\"author\">Editor Cargus<\/a><\/span>\n\n\t\t\t\t       \n\n\t\t\t<\/div>\n\t\t\n\t\t                        \n    <\/div>\n    \n<\/article>\n<!-- #post-964 -->\n<article id=\"post-953\" class=\"grid-33 tablet-grid-50 mobile-grid-100 ut-blog-grid-article clearfix post-953 post type-post status-publish format-standard has-post-thumbnail hentry category-blog\">\n    \n    <div class=\"ut-blog-grid-article-inner\">\n    \t\n\t\t\t\t\n\t\t\t<div class=\"entry-meta entry-meta-top  clearfix\">\n\n\t\t\t\t\t\t\t\t<span class=\"ut-sticky\"><i class=\"fa fa-thumb-tack\"><\/i><\/span>\n\t\t\t\t<span class=\"cat-links\"><i class=\"fa fa-folder-open-o\"><\/i><a href=\"https:\/\/www.cargus.ro\/sk\/category\/blog\/\" data-rel=\"category tag\">Blog<\/a><\/span>\n\n\t\t\t\t\n\t\t\t<\/div>\n\t\t\t<!-- close entry-meta -->    \n\n\t\t\t\t\n                        \n\n        <!-- ut-post-thumbnail -->\n        <div class=\"ut-post-thumbnail\">     \n\n            <div class=\"entry-thumbnail\">\n\n                \n                <a title=\"Permanent Link to CARGUS sa zameriava na expanziu na hlavn\u00e9 medzin\u00e1rodn\u00e9 trhy v roku 2023\" href=\"https:\/\/www.cargus.ro\/sk\/cargus-sa-zameriava-na-expanziu-na-hlavne-medzinarodne-trhy-v-roku-2023\/\">                \n                    \n                    <figure class=\"ut-post-thumbnail-caption-wrap\">\n\n                        \r\n        <img loading=\"lazy\" decoding=\"async\" data-adaptive-images=\"{&quot;300&quot;:&quot;https:\\\/\\\/www.cargus.ro\\\/sk\\\/wp-content\\\/uploads\\\/sites\\\/11\\\/2023\\\/06\\\/IMG_3155.jpg&quot;,&quot;500&quot;:&quot;https:\\\/\\\/www.cargus.ro\\\/sk\\\/wp-content\\\/uploads\\\/sites\\\/11\\\/2023\\\/06\\\/IMG_3155.jpg&quot;,&quot;750&quot;:&quot;https:\\\/\\\/www.cargus.ro\\\/sk\\\/wp-content\\\/uploads\\\/sites\\\/11\\\/2023\\\/06\\\/IMG_3155.jpg&quot;,&quot;1000&quot;:&quot;https:\\\/\\\/www.cargus.ro\\\/sk\\\/wp-content\\\/uploads\\\/sites\\\/11\\\/2023\\\/06\\\/IMG_3155.jpg&quot;,&quot;1500&quot;:&quot;https:\\\/\\\/www.cargus.ro\\\/sk\\\/wp-content\\\/uploads\\\/sites\\\/11\\\/2023\\\/06\\\/IMG_3155.jpg&quot;,&quot;2500&quot;:&quot;https:\\\/\\\/www.cargus.ro\\\/sk\\\/wp-content\\\/uploads\\\/sites\\\/11\\\/2023\\\/06\\\/IMG_3155.jpg&quot;}\" src=\"data:image\/svg+xml;charset=utf-8,%3Csvg xmlns%3D'http%3A%2F%2Fwww.w3.org%2F2000%2Fsvg' viewBox%3D'0 0 1230 820'%2F%3E\" width=\"1230\" height=\"820\" data-src=\"https:\/\/www.cargus.ro\/sk\/wp-content\/uploads\/sites\/11\/2023\/06\/IMG_3155.jpg\" data-image-id=\"962\" class=\"ut-adaptive-image wp-post-image skip-lazy \">\r\n\r\n        \n                        \n                    <\/figure>\n                    \n                <\/a>  \n                \n                <a href=\"https:\/\/www.cargus.ro\/sk\/2023\/06\/\">\n                \n                    <div class=\"date-format\">\n                        <span class=\"day\">12<\/span>\n                        <span class=\"month\">j\u00fan 2023<\/span>\n                    <\/div>\n                \n                <\/a>\n\n            <\/div>                                                                                                                         \n\n        <\/div><!-- close ut-post-thumbnail -->\n\n                \n                \n        <a class=\"ut-blog-link\" title=\"CARGUS sa zameriava na expanziu na hlavn\u00e9 medzin\u00e1rodn\u00e9 trhy v roku 2023\" href=\"https:\/\/www.cargus.ro\/sk\/cargus-sa-zameriava-na-expanziu-na-hlavne-medzinarodne-trhy-v-roku-2023\/\" rel=\"bookmark\">     \n              \n            <div class=\"ut-blog-grid-content-wrap\"> \n\n                \n                    <header class=\"entry-header\">\n\n                        <h2 data-responsive-font=\"grid_blog_title\" class=\"entry-title\">CARGUS sa zameriava na expanziu na hlavn\u00e9 medzin\u00e1rodn\u00e9 trhy v roku 2023<\/h2>\n\n                    <\/header>\n                    <!-- close entry-header -->\n\n                 \n\n                <!-- entry-content -->\n                <div class=\"entry-content clearfix\">\n\n                    <p>Hlavn\u00fdmi rastov\u00fdmi faktormi v roku 2022 boli: dom\u00e1ci trh elektronick\u00e9ho obchodu, medzin\u00e1rodn\u00e9 partnerstv\u00e1, rast segmentu predplatite\u013eov, poh\u00e1\u0148an\u00fd vyspel\u00fdm portf\u00f3liom slu\u017eieb,&hellip;<\/p>\n\n                <\/div>\n                <!-- entry-content -->\n\n            <\/div>\n        \n        <\/a>\n        \n\t\t\t\t\n\t\t\t<div class=\"entry-meta clearfix\">\n\n                <span class=\"author-links\"><i class=\"fa fa-user-o\"><\/i><a href=\"https:\/\/www.cargus.ro\/sk\/author\/cargus-editor\/\" title=\"Autor \u010dl\u00e1nku Editor Cargus\" rel=\"author\">Editor Cargus<\/a><\/span>\n\n\t\t\t\t       \n\n\t\t\t<\/div>\n\t\t\n\t\t                        \n    <\/div>\n    \n<\/article>\n<!-- #post-953 -->\n<article id=\"post-115\" class=\"grid-33 tablet-grid-50 mobile-grid-100 ut-blog-grid-article clearfix post-115 post type-post status-publish format-standard has-post-thumbnail hentry category-blog\">\n    \n    <div class=\"ut-blog-grid-article-inner\">\n    \t\n\t\t\t\t\n\t\t\t<div class=\"entry-meta entry-meta-top  clearfix\">\n\n\t\t\t\t\t\t\t\t<span class=\"ut-sticky\"><i class=\"fa fa-thumb-tack\"><\/i><\/span>\n\t\t\t\t<span class=\"cat-links\"><i class=\"fa fa-folder-open-o\"><\/i><a href=\"https:\/\/www.cargus.ro\/sk\/category\/blog\/\" data-rel=\"category tag\">Blog<\/a><\/span>\n\n\t\t\t\t\n\t\t\t<\/div>\n\t\t\t<!-- close entry-meta -->    \n\n\t\t\t\t\n                        \n\n        <!-- ut-post-thumbnail -->\n        <div class=\"ut-post-thumbnail\">     \n\n            <div class=\"entry-thumbnail\">\n\n                \n                <a title=\"Permanent Link to CARGUS MOBILE,  V TOP 10 OBCHODN\u00ddCH APLIK\u00c1CI\u00cd V RUMUNSKU\" href=\"https:\/\/www.cargus.ro\/sk\/cargus-mobile-v-top-10-obchodnych-aplikacii-v-rumunsku\/\">                \n                    \n                    <figure class=\"ut-post-thumbnail-caption-wrap\">\n\n                        \r\n        <img loading=\"lazy\" decoding=\"async\" data-adaptive-images=\"{&quot;300&quot;:&quot;https:\\\/\\\/www.cargus.ro\\\/sk\\\/wp-content\\\/uploads\\\/sites\\\/11\\\/2023\\\/03\\\/Pobieranie-uroczystosci-na-urzadzenia-mobilne-Cargus.jpg&quot;,&quot;500&quot;:&quot;https:\\\/\\\/www.cargus.ro\\\/sk\\\/wp-content\\\/uploads\\\/sites\\\/11\\\/2023\\\/03\\\/Pobieranie-uroczystosci-na-urzadzenia-mobilne-Cargus.jpg&quot;,&quot;750&quot;:&quot;https:\\\/\\\/www.cargus.ro\\\/sk\\\/wp-content\\\/uploads\\\/sites\\\/11\\\/2023\\\/03\\\/Pobieranie-uroczystosci-na-urzadzenia-mobilne-Cargus.jpg&quot;,&quot;1000&quot;:&quot;https:\\\/\\\/www.cargus.ro\\\/sk\\\/wp-content\\\/uploads\\\/sites\\\/11\\\/2023\\\/03\\\/Pobieranie-uroczystosci-na-urzadzenia-mobilne-Cargus.jpg&quot;,&quot;1500&quot;:&quot;https:\\\/\\\/www.cargus.ro\\\/sk\\\/wp-content\\\/uploads\\\/sites\\\/11\\\/2023\\\/03\\\/Pobieranie-uroczystosci-na-urzadzenia-mobilne-Cargus.jpg&quot;,&quot;2500&quot;:&quot;https:\\\/\\\/www.cargus.ro\\\/sk\\\/wp-content\\\/uploads\\\/sites\\\/11\\\/2023\\\/03\\\/Pobieranie-uroczystosci-na-urzadzenia-mobilne-Cargus.jpg&quot;}\" src=\"data:image\/svg+xml;charset=utf-8,%3Csvg xmlns%3D'http%3A%2F%2Fwww.w3.org%2F2000%2Fsvg' viewBox%3D'0 0 1000 667'%2F%3E\" width=\"1000\" height=\"667\" data-src=\"https:\/\/www.cargus.ro\/sk\/wp-content\/uploads\/sites\/11\/2023\/03\/Pobieranie-uroczystosci-na-urzadzenia-mobilne-Cargus.jpg\" data-image-id=\"116\" class=\"ut-adaptive-image wp-post-image skip-lazy \">\r\n\r\n        \n                        \n                    <\/figure>\n                    \n                <\/a>  \n                \n                <a href=\"https:\/\/www.cargus.ro\/sk\/2021\/12\/\">\n                \n                    <div class=\"date-format\">\n                        <span class=\"day\">16<\/span>\n                        <span class=\"month\">dec 2021<\/span>\n                    <\/div>\n                \n                <\/a>\n\n            <\/div>                                                                                                                         \n\n        <\/div><!-- close ut-post-thumbnail -->\n\n                \n                \n        <a class=\"ut-blog-link\" title=\"CARGUS MOBILE,  V TOP 10 OBCHODN\u00ddCH APLIK\u00c1CI\u00cd V RUMUNSKU\" href=\"https:\/\/www.cargus.ro\/sk\/cargus-mobile-v-top-10-obchodnych-aplikacii-v-rumunsku\/\" rel=\"bookmark\">     \n              \n            <div class=\"ut-blog-grid-content-wrap\"> \n\n                \n                    <header class=\"entry-header\">\n\n                        <h2 data-responsive-font=\"grid_blog_title\" class=\"entry-title\">CARGUS MOBILE,  V TOP 10 OBCHODN\u00ddCH APLIK\u00c1CI\u00cd V RUMUNSKU<\/h2>\n\n                    <\/header>\n                    <!-- close entry-header -->\n\n                 \n\n                <!-- entry-content -->\n                <div class=\"entry-content clearfix\">\n\n                    <p>Cargus Mobile patr\u00ed ofici\u00e1lne medzi 10 najlep\u0161\u00edch business aplik\u00e1ci\u00ed v Rumunsku v slu\u017ebe Google Play len mesiac po svojom spusten\u00ed;&hellip;<\/p>\n\n                <\/div>\n                <!-- entry-content -->\n\n            <\/div>\n        \n        <\/a>\n        \n\t\t\t\t\n\t\t\t<div class=\"entry-meta clearfix\">\n\n                <span class=\"author-links\"><i class=\"fa fa-user-o\"><\/i><a href=\"https:\/\/www.cargus.ro\/sk\/author\/cargus-editor\/\" title=\"Autor \u010dl\u00e1nku Editor Cargus\" rel=\"author\">Editor Cargus<\/a><\/span>\n\n\t\t\t\t       \n\n\t\t\t<\/div>\n\t\t\n\t\t                        \n    <\/div>\n    \n<\/article>\n<!-- #post-115 --><\/div><\/div>[\/vc_column][\/vc_row][vc_row][vc_column][vc_raw_html]JTNDaDMlM0VFWENFRUQlMjBBTEwlMjBZT1VSJTIwQlVTSU5FU1MlMjBHT0FMUyUyMFdJVEglMjBDQVJHVVMuJTIwQ29udGFjdCUyMHVzJTNBJTNDJTJGaDMlM0UlMEElNUJjb250YWN0LWZvcm0tNyUyMGlkJTNEJTIyNSUyMiUyMHRpdGxlJTNEJTIySG9tZSUyMGZvcm0lMjIlNUQ=[\/vc_raw_html][vc_raw_html]JTNDZGl2JTIwY2xhc3MlM0QlMjJyaWdodF9idXR0b24lMjIlM0UlM0NhJTIwaHJlZiUzRCUyMiUyRnBsJTJGJTIyJTNFR2V0JTIwb2ZmZXIlM0MlMkZhJTNFJTNDJTJGZGl2JTNF[\/vc_raw_html][\/vc_column][\/vc_row][\/vc_section]<\/p>\n","protected":false},"excerpt":{"rendered":"<p>[vc_section css=&#8220;.vc_custom_1680185609089{margin-top: 0px !important;padding-top: 0px !important;}&#8220;][vc_row css=&#8220;.vc_custom_1680185534555{margin-top: 0px !important;margin-right: 0px !important;margin-bottom: 0px !important;margin-left: 0px !important;padding-top: 0px !important;padding-right: 0px !important;padding-bottom: 0px !important;padding-left: 0px !important;}&#8220;][vc_column][vc_raw_html]JTNDZGl2JTIwY2xhc3MlM0QlMjJ0aXRsZSUyMiUzRUJsb2clM0MlMkZkaXYlM0UlMEElM0NociUyMGNsYXNzJTNEJTIybGluZSUyMiUzRQ==[\/vc_raw_html][\/vc_column][\/vc_row][vc_row][vc_column][\/vc_column][\/vc_row][vc_row][vc_column][vc_raw_html]JTNDaDMlM0VFWENFRUQlMjBBTEwlMjBZT1VSJTIwQlVTSU5FU1MlMjBHT0FMUyUyMFdJVEglMjBDQVJHVVMuJTIwQ29udGFjdCUyMHVzJTNBJTNDJTJGaDMlM0UlMEElNUJjb250YWN0LWZvcm0tNyUyMGlkJTNEJTIyNSUyMiUyMHRpdGxlJTNEJTIySG9tZSUyMGZvcm0lMjIlNUQ=[\/vc_raw_html][vc_raw_html]JTNDZGl2JTIwY2xhc3MlM0QlMjJyaWdodF9idXR0b24lMjIlM0UlM0NhJTIwaHJlZiUzRCUyMiUyRnBsJTJGJTIyJTNFR2V0JTIwb2ZmZXIlM0MlMkZhJTNFJTNDJTJGZGl2JTNF[\/vc_raw_html][\/vc_column][\/vc_row][\/vc_section] Contact us: Priezvisko* Meno* E-mail* Telef\u00f3n* N\u00e1zov va\u0161ej spolo\u010dnosti* Ko\u013eko m\u00e1te mesa\u010dne z\u00e1sielok?* Stru\u010dne op\u00ed\u0161te svoju firmu a ako v\u00e1m m\u00f4\u017eeme pom\u00f4c\u0165 (nepovinn\u00e9) Stru\u010dne op\u00ed\u0161te svoju firmu a ako v\u00e1m m\u00f4\u017eeme pom\u00f4c\u0165 [&hellip;]<\/p>\n","protected":false},"author":26,"featured_media":0,"parent":0,"menu_order":0,"comment_status":"closed","ping_status":"closed","template":"","meta":{"footnotes":""},"class_list":["post-12","page","type-page","status-publish","hentry"],"_links":{"self":[{"href":"https:\/\/www.cargus.ro\/sk\/wp-json\/wp\/v2\/pages\/12","targetHints":{"allow":["GET"]}}],"collection":[{"href":"https:\/\/www.cargus.ro\/sk\/wp-json\/wp\/v2\/pages"}],"about":[{"href":"https:\/\/www.cargus.ro\/sk\/wp-json\/wp\/v2\/types\/page"}],"author":[{"embeddable":true,"href":"https:\/\/www.cargus.ro\/sk\/wp-json\/wp\/v2\/users\/26"}],"replies":[{"embeddable":true,"href":"https:\/\/www.cargus.ro\/sk\/wp-json\/wp\/v2\/comments?post=12"}],"version-history":[{"count":14,"href":"https:\/\/www.cargus.ro\/sk\/wp-json\/wp\/v2\/pages\/12\/revisions"}],"predecessor-version":[{"id":952,"href":"https:\/\/www.cargus.ro\/sk\/wp-json\/wp\/v2\/pages\/12\/revisions\/952"}],"wp:attachment":[{"href":"https:\/\/www.cargus.ro\/sk\/wp-json\/wp\/v2\/media?parent=12"}],"curies":[{"name":"wp","href":"https:\/\/api.w.org\/{rel}","templated":true}]}}